{"id":14,"date":"2019-09-09T13:10:10","date_gmt":"2019-09-09T13:10:10","guid":{"rendered":"http:\/\/s740564772.online.de\/?page_id=14"},"modified":"2024-02-01T08:01:17","modified_gmt":"2024-02-01T08:01:17","slug":"spanischer-biowein","status":"publish","type":"page","link":"https:\/\/weingut-sauer.de\/en\/spanischer-biowein","title":{"rendered":"Bodegas"},"content":{"rendered":"<div data-elementor-type=\"wp-page\" data-elementor-id=\"14\" class=\"elementor elementor-14\" data-elementor-post-type=\"page\">\n\t\t\t\t\t\t<section class=\"elementor-section elementor-top-section elementor-element elementor-element-238e790 elementor-section-boxed elementor-section-height-default elementor-section-height-default\" data-id=\"238e790\" data-element_type=\"section\" data-e-type=\"section\" data-settings=\"{&quot;background_background&quot;:&quot;classic&quot;}\">\n\t\t\t\t\t\t\t<div class=\"elementor-background-overlay\"><\/div>\n\t\t\t\t\t\t\t<div class=\"elementor-container elementor-column-gap-default\">\n\t\t\t\t\t<div class=\"elementor-column elementor-col-100 elementor-top-column elementor-element elementor-element-e0b4597\" data-id=\"e0b4597\" data-element_type=\"column\" data-e-type=\"column\">\n\t\t\t<div class=\"elementor-widget-wrap elementor-element-populated\">\n\t\t\t\t\t\t<div class=\"elementor-element elementor-element-385eadf elementor-widget elementor-widget-heading\" data-id=\"385eadf\" data-element_type=\"widget\" data-e-type=\"widget\" data-widget_type=\"heading.default\">\n\t\t\t\t<div class=\"elementor-widget-container\">\n\t\t\t\t\t<h1 class=\"elementor-heading-title elementor-size-default\">Spanischer Biowein<\/h1>\t\t\t\t<\/div>\n\t\t\t\t<\/div>\n\t\t\t\t\t<\/div>\n\t\t<\/div>\n\t\t\t\t\t<\/div>\n\t\t<\/section>\n\t\t\t\t<section class=\"elementor-section elementor-top-section elementor-element elementor-element-c21fca8 elementor-section-boxed elementor-section-height-default elementor-section-height-default\" data-id=\"c21fca8\" data-element_type=\"section\" data-e-type=\"section\">\n\t\t\t\t\t\t<div class=\"elementor-container elementor-column-gap-default\">\n\t\t\t\t\t<div class=\"elementor-column elementor-col-33 elementor-top-column elementor-element elementor-element-403993c\" data-id=\"403993c\" data-element_type=\"column\" data-e-type=\"column\">\n\t\t\t<div class=\"elementor-widget-wrap elementor-element-populated\">\n\t\t\t\t\t\t<div class=\"elementor-element elementor-element-2fb555d elementor-widget elementor-widget-image\" data-id=\"2fb555d\" data-element_type=\"widget\" data-e-type=\"widget\" data-widget_type=\"image.default\">\n\t\t\t\t<div class=\"elementor-widget-container\">\n\t\t\t\t\t\t\t\t\t\t\t\t\t\t\t<img fetchpriority=\"high\" decoding=\"async\" width=\"500\" height=\"315\" src=\"https:\/\/weingut-sauer.de\/wp-content\/uploads\/2019\/09\/bopa16.jpg\" class=\"attachment-large size-large wp-image-194\" alt=\"Bodegas Palmera\" srcset=\"https:\/\/weingut-sauer.de\/wp-content\/uploads\/2019\/09\/bopa16.jpg 500w, https:\/\/weingut-sauer.de\/wp-content\/uploads\/2019\/09\/bopa16-400x252.jpg 400w, https:\/\/weingut-sauer.de\/wp-content\/uploads\/2019\/09\/bopa16-100x63.jpg 100w, https:\/\/weingut-sauer.de\/wp-content\/uploads\/2019\/09\/bopa16-300x189.jpg 300w\" sizes=\"(max-width: 500px) 100vw, 500px\" \/>\t\t\t\t\t\t\t\t\t\t\t\t\t\t\t<\/div>\n\t\t\t\t<\/div>\n\t\t\t\t\t<\/div>\n\t\t<\/div>\n\t\t\t\t<div class=\"elementor-column elementor-col-33 elementor-top-column elementor-element elementor-element-f5e1876\" data-id=\"f5e1876\" data-element_type=\"column\" data-e-type=\"column\">\n\t\t\t<div class=\"elementor-widget-wrap elementor-element-populated\">\n\t\t\t\t\t\t<div class=\"elementor-element elementor-element-eab929a elementor-widget elementor-widget-image\" data-id=\"eab929a\" data-element_type=\"widget\" data-e-type=\"widget\" data-widget_type=\"image.default\">\n\t\t\t\t<div class=\"elementor-widget-container\">\n\t\t\t\t\t\t\t\t\t\t\t\t\t\t\t<img decoding=\"async\" src=\"https:\/\/weingut-sauer.de\/wp-content\/uploads\/elementor\/thumbs\/Bodega-027_b-q06rfkp97gfbck3u5w2t9rbysczkfxv941ut9rfda8.jpg\" title=\"Bodega 027_b\" alt=\"Bodega 027_b\" loading=\"lazy\" \/>\t\t\t\t\t\t\t\t\t\t\t\t\t\t\t<\/div>\n\t\t\t\t<\/div>\n\t\t\t\t\t<\/div>\n\t\t<\/div>\n\t\t\t\t<div class=\"elementor-column elementor-col-33 elementor-top-column elementor-element elementor-element-e116cfd\" data-id=\"e116cfd\" data-element_type=\"column\" data-e-type=\"column\">\n\t\t\t<div class=\"elementor-widget-wrap elementor-element-populated\">\n\t\t\t\t\t\t<div class=\"elementor-element elementor-element-224c582 elementor-widget elementor-widget-image\" data-id=\"224c582\" data-element_type=\"widget\" data-e-type=\"widget\" data-widget_type=\"image.default\">\n\t\t\t\t<div class=\"elementor-widget-container\">\n\t\t\t\t\t\t\t\t\t\t\t\t\t\t\t<img decoding=\"async\" src=\"https:\/\/weingut-sauer.de\/wp-content\/uploads\/elementor\/thumbs\/Bodega-innen-39_b-2-q06rfkp97gfbck3u5w2t9rbysczkfxv941ut9rfda8.jpg\" title=\"Bodega innen 39_b-2\" alt=\"Bodega innen 39_b-2\" loading=\"lazy\" \/>\t\t\t\t\t\t\t\t\t\t\t\t\t\t\t<\/div>\n\t\t\t\t<\/div>\n\t\t\t\t\t<\/div>\n\t\t<\/div>\n\t\t\t\t\t<\/div>\n\t\t<\/section>\n\t\t\t\t<section class=\"elementor-section elementor-top-section elementor-element elementor-element-66d179f elementor-section-stretched elementor-section-full_width elementor-section-content-bottom elementor-section-height-default elementor-section-height-default\" data-id=\"66d179f\" data-element_type=\"section\" data-e-type=\"section\" data-settings=\"{&quot;stretch_section&quot;:&quot;section-stretched&quot;}\">\n\t\t\t\t\t\t<div class=\"elementor-container elementor-column-gap-no\">\n\t\t\t\t\t<div class=\"elementor-column elementor-col-100 elementor-top-column elementor-element elementor-element-982fba1\" data-id=\"982fba1\" data-element_type=\"column\" data-e-type=\"column\">\n\t\t\t<div class=\"elementor-widget-wrap elementor-element-populated\">\n\t\t\t\t\t\t<div class=\"elementor-element elementor-element-d9bf8c4 elementor-hidden-tablet elementor-hidden-phone elementor-widget elementor-widget-image\" data-id=\"d9bf8c4\" data-element_type=\"widget\" data-e-type=\"widget\" data-widget_type=\"image.default\">\n\t\t\t\t<div class=\"elementor-widget-container\">\n\t\t\t\t\t\t\t\t\t\t\t\t\t\t\t<img decoding=\"async\" width=\"2048\" height=\"27\" src=\"https:\/\/weingut-sauer.de\/wp-content\/uploads\/2019\/09\/rand_unten_paper.png\" class=\"attachment-full size-full wp-image-67\" alt=\"\" srcset=\"https:\/\/weingut-sauer.de\/wp-content\/uploads\/2019\/09\/rand_unten_paper.png 2048w, https:\/\/weingut-sauer.de\/wp-content\/uploads\/2019\/09\/rand_unten_paper-400x5.png 400w, https:\/\/weingut-sauer.de\/wp-content\/uploads\/2019\/09\/rand_unten_paper-600x8.png 600w, https:\/\/weingut-sauer.de\/wp-content\/uploads\/2019\/09\/rand_unten_paper-300x4.png 300w, https:\/\/weingut-sauer.de\/wp-content\/uploads\/2019\/09\/rand_unten_paper-768x10.png 768w, https:\/\/weingut-sauer.de\/wp-content\/uploads\/2019\/09\/rand_unten_paper-1024x14.png 1024w\" sizes=\"(max-width: 2048px) 100vw, 2048px\" \/>\t\t\t\t\t\t\t\t\t\t\t\t\t\t\t<\/div>\n\t\t\t\t<\/div>\n\t\t\t\t\t<\/div>\n\t\t<\/div>\n\t\t\t\t\t<\/div>\n\t\t<\/section>\n\t\t\t\t<section class=\"elementor-section elementor-top-section elementor-element elementor-element-106a6800 elementor-section-content-middle elementor-section-boxed elementor-section-height-default elementor-section-height-default\" data-id=\"106a6800\" data-element_type=\"section\" data-e-type=\"section\" data-settings=\"{&quot;background_background&quot;:&quot;classic&quot;}\">\n\t\t\t\t\t\t\t<div class=\"elementor-background-overlay\"><\/div>\n\t\t\t\t\t\t\t<div class=\"elementor-container elementor-column-gap-no\">\n\t\t\t\t\t<div class=\"elementor-column elementor-col-100 elementor-top-column elementor-element elementor-element-375f01e6\" data-id=\"375f01e6\" data-element_type=\"column\" data-e-type=\"column\">\n\t\t\t<div class=\"elementor-widget-wrap elementor-element-populated\">\n\t\t\t\t\t\t<div class=\"elementor-element elementor-element-16a490bb elementor-widget elementor-widget-heading\" data-id=\"16a490bb\" data-element_type=\"widget\" data-e-type=\"widget\" data-widget_type=\"heading.default\">\n\t\t\t\t<div class=\"elementor-widget-container\">\n\t\t\t\t\t<h2 class=\"elementor-heading-title elementor-size-default\">Unser WEingut in Spanien<\/h2>\t\t\t\t<\/div>\n\t\t\t\t<\/div>\n\t\t\t\t<div class=\"elementor-element elementor-element-699e61c7 elementor-widget elementor-widget-text-editor\" data-id=\"699e61c7\" data-element_type=\"widget\" data-e-type=\"widget\" data-widget_type=\"text-editor.default\">\n\t\t\t\t<div class=\"elementor-widget-container\">\n\t\t\t\t\t\t\t\t\t<p>Ein gro\u00dfer Schritt nach S\u00fcden! Die Vorliebe f\u00fcr spanische Bioweine gepaart mit einer Prise Abenteuerlust waren 1998 die Ausgangsbasis f\u00fcr die Gr\u00fcndung unseres spanischen Weinguts &#8222;Bodegas Palmera&#8220;. Einmaliges Terroir, karger Boden, alte Rebst\u00f6cke, das gute Klima der Region mit viel Sonne und k\u00fchlen N\u00e4chten, eine lange Vegetationsphase und konsequenter \u00f6kologischer Weinbau: das ist Bodegas Palmera.<\/p>\t\t\t\t\t\t\t\t<\/div>\n\t\t\t\t<\/div>\n\t\t\t\t\t<\/div>\n\t\t<\/div>\n\t\t\t\t\t<\/div>\n\t\t<\/section>\n\t\t\t\t<section class=\"elementor-section elementor-top-section elementor-element elementor-element-32257ca elementor-section-stretched elementor-section-full_width elementor-section-content-top elementor-section-height-default elementor-section-height-default\" data-id=\"32257ca\" data-element_type=\"section\" data-e-type=\"section\" data-settings=\"{&quot;stretch_section&quot;:&quot;section-stretched&quot;}\">\n\t\t\t\t\t\t<div class=\"elementor-container elementor-column-gap-no\">\n\t\t\t\t\t<div class=\"elementor-column elementor-col-100 elementor-top-column elementor-element elementor-element-c6e281e\" data-id=\"c6e281e\" data-element_type=\"column\" data-e-type=\"column\">\n\t\t\t<div class=\"elementor-widget-wrap elementor-element-populated\">\n\t\t\t\t\t\t<div class=\"elementor-element elementor-element-9460a1e elementor-hidden-tablet elementor-hidden-phone elementor-widget elementor-widget-image\" data-id=\"9460a1e\" data-element_type=\"widget\" data-e-type=\"widget\" data-widget_type=\"image.default\">\n\t\t\t\t<div class=\"elementor-widget-container\">\n\t\t\t\t\t\t\t\t\t\t\t\t\t\t\t<img decoding=\"async\" width=\"2048\" height=\"27\" src=\"https:\/\/weingut-sauer.de\/wp-content\/uploads\/2019\/09\/rand_oben_paper.png\" class=\"attachment-full size-full wp-image-66\" alt=\"\" srcset=\"https:\/\/weingut-sauer.de\/wp-content\/uploads\/2019\/09\/rand_oben_paper.png 2048w, https:\/\/weingut-sauer.de\/wp-content\/uploads\/2019\/09\/rand_oben_paper-400x5.png 400w, https:\/\/weingut-sauer.de\/wp-content\/uploads\/2019\/09\/rand_oben_paper-600x8.png 600w, https:\/\/weingut-sauer.de\/wp-content\/uploads\/2019\/09\/rand_oben_paper-300x4.png 300w, https:\/\/weingut-sauer.de\/wp-content\/uploads\/2019\/09\/rand_oben_paper-768x10.png 768w, https:\/\/weingut-sauer.de\/wp-content\/uploads\/2019\/09\/rand_oben_paper-1024x14.png 1024w\" sizes=\"(max-width: 2048px) 100vw, 2048px\" \/>\t\t\t\t\t\t\t\t\t\t\t\t\t\t\t<\/div>\n\t\t\t\t<\/div>\n\t\t\t\t\t<\/div>\n\t\t<\/div>\n\t\t\t\t\t<\/div>\n\t\t<\/section>\n\t\t\t\t<section class=\"elementor-section elementor-top-section elementor-element elementor-element-a60b0ad elementor-section-boxed elementor-section-height-default elementor-section-height-default\" data-id=\"a60b0ad\" data-element_type=\"section\" data-e-type=\"section\" data-settings=\"{&quot;background_background&quot;:&quot;classic&quot;}\">\n\t\t\t\t\t\t<div class=\"elementor-container elementor-column-gap-default\">\n\t\t\t\t\t<div class=\"elementor-column elementor-col-50 elementor-top-column elementor-element elementor-element-09bc8d5\" data-id=\"09bc8d5\" data-element_type=\"column\" data-e-type=\"column\">\n\t\t\t<div class=\"elementor-widget-wrap elementor-element-populated\">\n\t\t\t\t\t\t<div class=\"elementor-element elementor-element-5c7a850 elementor-widget elementor-widget-heading\" data-id=\"5c7a850\" data-element_type=\"widget\" data-e-type=\"widget\" data-widget_type=\"heading.default\">\n\t\t\t\t<div class=\"elementor-widget-container\">\n\t\t\t\t\t<h2 class=\"elementor-heading-title elementor-size-default\">Utiel Requena<\/h2>\t\t\t\t<\/div>\n\t\t\t\t<\/div>\n\t\t\t\t<div class=\"elementor-element elementor-element-9896aa1 elementor-widget-divider--view-line elementor-widget elementor-widget-divider\" data-id=\"9896aa1\" data-element_type=\"widget\" data-e-type=\"widget\" data-widget_type=\"divider.default\">\n\t\t\t\t<div class=\"elementor-widget-container\">\n\t\t\t\t\t\t\t<div class=\"elementor-divider\">\n\t\t\t<span class=\"elementor-divider-separator\">\n\t\t\t\t\t\t<\/span>\n\t\t<\/div>\n\t\t\t\t\t\t<\/div>\n\t\t\t\t<\/div>\n\t\t\t\t<div class=\"elementor-element elementor-element-02bc8a5 elementor-widget elementor-widget-text-editor\" data-id=\"02bc8a5\" data-element_type=\"widget\" data-e-type=\"widget\" data-widget_type=\"text-editor.default\">\n\t\t\t\t<div class=\"elementor-widget-container\">\n\t\t\t\t\t\t\t\t\t<p>Utiel Requena ist ein Weinbaugebiet in den Bergen 70 km landeinw\u00e4rts von Valencia. Trotz der N\u00e4he zum Meer ist die Region gepr\u00e4gt von einem stark kontinentalen Klima mit hohen Temperaturschwankungen sowohl zwischen Sommer und Winter als auch zwischen Tag und Nacht. Dies schafft optimale Bedingungen f\u00fcr den \u00f6kologischen Weinbau. Hier gedeihen auf 20 Hektar eines \u00fcberaus regenarmen Gebietes mit kalk- und steinreichen B\u00f6den unsere Trauben.<\/p><p>In den ersten Jahren in Spanien konnten wir viele neue Erkenntnisse gewinnen, die es uns erm\u00f6glichten, den Anbau sowie den Ausbau unserer Weine immer weiter zu optimieren. Heute d\u00fcrfen wir aus gutem Grund stolz sein auf unsere opulenten spanischen Rotweine mit ihrer typischen kr\u00e4fig roten Farbe sowie ihren stoffigen, konzentrierten und intensiven Aromen.<\/p>\t\t\t\t\t\t\t\t<\/div>\n\t\t\t\t<\/div>\n\t\t\t\t\t<\/div>\n\t\t<\/div>\n\t\t\t\t<div class=\"elementor-column elementor-col-50 elementor-top-column elementor-element elementor-element-07f0cdb\" data-id=\"07f0cdb\" data-element_type=\"column\" data-e-type=\"column\" data-settings=\"{&quot;background_background&quot;:&quot;classic&quot;}\">\n\t\t\t<div class=\"elementor-widget-wrap elementor-element-populated\">\n\t\t\t\t\t\t\t<\/div>\n\t\t<\/div>\n\t\t\t\t\t<\/div>\n\t\t<\/section>\n\t\t\t\t<section class=\"elementor-section elementor-top-section elementor-element elementor-element-493e9647 elementor-section-boxed elementor-section-height-default elementor-section-height-default\" data-id=\"493e9647\" data-element_type=\"section\" data-e-type=\"section\" data-settings=\"{&quot;background_background&quot;:&quot;classic&quot;}\">\n\t\t\t\t\t\t\t<div class=\"elementor-background-overlay\"><\/div>\n\t\t\t\t\t\t\t<div class=\"elementor-container elementor-column-gap-no\">\n\t\t\t\t\t<div class=\"elementor-column elementor-col-100 elementor-top-column elementor-element elementor-element-772b88ad\" data-id=\"772b88ad\" data-element_type=\"column\" data-e-type=\"column\">\n\t\t\t<div class=\"elementor-widget-wrap elementor-element-populated\">\n\t\t\t\t\t\t<div class=\"elementor-element elementor-element-a650503 elementor-testimonial--layout-image_above elementor-testimonial--skin-default elementor-testimonial--align-center elementor-arrows-yes elementor-pagination-type-bullets elementor-widget elementor-widget-testimonial-carousel\" data-id=\"a650503\" data-element_type=\"widget\" data-e-type=\"widget\" data-settings=\"{&quot;space_between&quot;:{&quot;unit&quot;:&quot;px&quot;,&quot;size&quot;:22,&quot;sizes&quot;:[]},&quot;autoplay_speed&quot;:9000,&quot;show_arrows&quot;:&quot;yes&quot;,&quot;pagination&quot;:&quot;bullets&quot;,&quot;speed&quot;:500,&quot;autoplay&quot;:&quot;yes&quot;,&quot;loop&quot;:&quot;yes&quot;,&quot;pause_on_hover&quot;:&quot;yes&quot;,&quot;pause_on_interaction&quot;:&quot;yes&quot;,&quot;space_between_tablet&quot;:{&quot;unit&quot;:&quot;px&quot;,&quot;size&quot;:10,&quot;sizes&quot;:[]},&quot;space_between_mobile&quot;:{&quot;unit&quot;:&quot;px&quot;,&quot;size&quot;:10,&quot;sizes&quot;:[]}}\" data-widget_type=\"testimonial-carousel.default\">\n\t\t\t\t<div class=\"elementor-widget-container\">\n\t\t\t\t\t\t\t\t\t<div class=\"elementor-swiper\">\n\t\t\t\t\t<div class=\"elementor-main-swiper swiper\" role=\"region\" aria-roledescription=\"carousel\" aria-label=\"Slider\">\n\t\t\t\t<div class=\"swiper-wrapper\">\n\t\t\t\t\t\t\t\t\t\t\t<div class=\"swiper-slide\" role=\"group\" aria-roledescription=\"slide\">\n\t\t\t\t\t\t\t\t\t<div class=\"elementor-testimonial\">\n\t\t\t\t\t\t\t<div class=\"elementor-testimonial__content\">\n\t\t\t\t\t<div class=\"elementor-testimonial__text\">\n\t\t\t\t\t\tIn den letzten 30 Jahren haben wir Pioniergeist, Abenteuerlust und Mut zu unternehmerischem Handeln bewiesen. 1998 konnten wir mit der Gr\u00fcndung von Bodegas Palmera einen langgehegten Traum realisieren: unser eigenes Weingut in Spaniens.  \t\t\t\t\t<\/div>\n\t\t\t\t\t<cite class=\"elementor-testimonial__cite\"><span class=\"elementor-testimonial__name\">Heiner Sauer<\/span><span class=\"elementor-testimonial__title\">Weingut Familie Sauer<\/span><\/cite>\t\t\t\t<\/div>\n\t\t\t\t\t\t<div class=\"elementor-testimonial__footer\">\n\t\t\t\t\t\t\t\t\t<div class=\"elementor-testimonial__image\">\n\t\t\t\t\t\t<img decoding=\"async\" src=\"https:\/\/weingut-sauer.de\/wp-content\/uploads\/2019\/10\/0539994278.jpg\" alt=\"Heiner Sauer\">\n\t\t\t\t\t\t\t\t\t\t\t<\/div>\n\t\t\t\t\t\t\t\t\t\t\t<\/div>\n\t\t<\/div>\n\t\t\t\t\t\t\t\t<\/div>\n\t\t\t\t\t\t\t\t\t\t\t<div class=\"swiper-slide\" role=\"group\" aria-roledescription=\"slide\">\n\t\t\t\t\t\t\t\t\t<div class=\"elementor-testimonial\">\n\t\t\t\t\t\t\t<div class=\"elementor-testimonial__content\">\n\t\t\t\t\t<div class=\"elementor-testimonial__text\">\n\t\t\t\t\t\tZu Beginn waren die Gegebenheiten vor Ort noch sehr rudiment\u00e4r. Mit dem Neubau von Kelterhaus, Flaschenlager und B\u00fcro steht unsere spanische Produktionsst\u00e4tte heute der deutschen in nichts nach. Traubenverarbeitung, Weinausbau und Abf\u00fcllung: alles geschieht direkt vor Ort.\n\t\t\t\t\t<\/div>\n\t\t\t\t\t<cite class=\"elementor-testimonial__cite\"><span class=\"elementor-testimonial__name\">Valentin Sauer<\/span><span class=\"elementor-testimonial__title\">Weingut Familie Sauer<\/span><\/cite>\t\t\t\t<\/div>\n\t\t\t\t\t\t<div class=\"elementor-testimonial__footer\">\n\t\t\t\t\t\t\t\t\t<div class=\"elementor-testimonial__image\">\n\t\t\t\t\t\t<img decoding=\"async\" src=\"https:\/\/weingut-sauer.de\/wp-content\/uploads\/2023\/11\/Geschenkpakete.png\" alt=\"Valentin Sauer\">\n\t\t\t\t\t\t\t\t\t\t\t<\/div>\n\t\t\t\t\t\t\t\t\t\t\t<\/div>\n\t\t<\/div>\n\t\t\t\t\t\t\t\t<\/div>\n\t\t\t\t\t\t\t\t\t\t\t<div class=\"swiper-slide\" role=\"group\" aria-roledescription=\"slide\">\n\t\t\t\t\t\t\t\t\t<div class=\"elementor-testimonial\">\n\t\t\t\t\t\t\t<div class=\"elementor-testimonial__content\">\n\t\t\t\t\t<div class=\"elementor-testimonial__text\">\n\t\t\t\t\t\tUralte Mandel- und Olivenb\u00e4ume sowie Bergpalmen pr\u00e4gen das Terrain unserer Bodegas Palmera. Palmera ist spanisch und bedeutet Palme. Nach der Bergpalme ist nicht nur unser Weingut benannt, auch ihre Bl\u00e4tter finden sich in unserem Logo wieder.\t\t\t\t\t<\/div>\n\t\t\t\t\t<cite class=\"elementor-testimonial__cite\"><span class=\"elementor-testimonial__name\">Moni Sauer<\/span><span class=\"elementor-testimonial__title\">Weingut Familie Sauer<\/span><\/cite>\t\t\t\t<\/div>\n\t\t\t\t\t\t<div class=\"elementor-testimonial__footer\">\n\t\t\t\t\t\t\t\t\t<div class=\"elementor-testimonial__image\">\n\t\t\t\t\t\t<img decoding=\"async\" src=\"https:\/\/weingut-sauer.de\/wp-content\/uploads\/2021\/06\/Bild_Moni_Sauer.jpg\" alt=\"Bild_Moni_Sauer\">\n\t\t\t\t\t\t\t\t\t\t\t<\/div>\n\t\t\t\t\t\t\t\t\t\t\t<\/div>\n\t\t<\/div>\n\t\t\t\t\t\t\t\t<\/div>\n\t\t\t\t\t\t\t\t\t<\/div>\n\t\t\t\t\t\t\t\t\t\t\t\t\t\t\t<div class=\"elementor-swiper-button elementor-swiper-button-prev\" role=\"button\" tabindex=\"0\" aria-label=\"Voriger\">\n\t\t\t\t\t\t\t<i aria-hidden=\"true\" class=\"eicon-chevron-left\"><\/i>\t\t\t\t\t\t<\/div>\n\t\t\t\t\t\t<div class=\"elementor-swiper-button elementor-swiper-button-next\" role=\"button\" tabindex=\"0\" aria-label=\"N\u00e4chster\">\n\t\t\t\t\t\t\t<i aria-hidden=\"true\" class=\"eicon-chevron-right\"><\/i>\t\t\t\t\t\t<\/div>\n\t\t\t\t\t\t\t\t\t\t\t\t\t\t\t\t<div class=\"swiper-pagination\"><\/div>\n\t\t\t\t\t\t\t\t\t\t\t\t<\/div>\n\t\t\t\t<\/div>\n\t\t\t\t\t\t\t\t<\/div>\n\t\t\t\t<\/div>\n\t\t\t\t\t<\/div>\n\t\t<\/div>\n\t\t\t\t\t<\/div>\n\t\t<\/section>\n\t\t\t\t<section class=\"elementor-section elementor-top-section elementor-element elementor-element-5a2d282b elementor-section-boxed elementor-section-height-default elementor-section-height-default\" data-id=\"5a2d282b\" data-element_type=\"section\" data-e-type=\"section\" data-settings=\"{&quot;background_background&quot;:&quot;classic&quot;}\">\n\t\t\t\t\t\t\t<div class=\"elementor-background-overlay\"><\/div>\n\t\t\t\t\t\t\t<div class=\"elementor-container elementor-column-gap-default\">\n\t\t\t\t\t<div class=\"elementor-column elementor-col-33 elementor-top-column elementor-element elementor-element-4d3524c8\" data-id=\"4d3524c8\" data-element_type=\"column\" data-e-type=\"column\">\n\t\t\t<div class=\"elementor-widget-wrap elementor-element-populated\">\n\t\t\t\t\t\t<div class=\"elementor-element elementor-element-48d22d43 elementor-widget elementor-widget-text-editor\" data-id=\"48d22d43\" data-element_type=\"widget\" data-e-type=\"widget\" data-widget_type=\"text-editor.default\">\n\t\t\t\t<div class=\"elementor-widget-container\">\n\t\t\t\t\t\t\t\t\t<p>Die Vaso-Erziehung der Reben fordert ihren Tribut. Durch die Bodenn\u00e4he m\u00fcssen alle Stockarbeiten also Rebschnitt, Laubarbeit und das Ernten der Trauben in gebeugter Haltung ausgef\u00fchrt werden.<\/p>\t\t\t\t\t\t\t\t<\/div>\n\t\t\t\t<\/div>\n\t\t\t\t\t<\/div>\n\t\t<\/div>\n\t\t\t\t<div class=\"elementor-column elementor-col-33 elementor-top-column elementor-element elementor-element-5d9ca16a\" data-id=\"5d9ca16a\" data-element_type=\"column\" data-e-type=\"column\" data-settings=\"{&quot;background_background&quot;:&quot;classic&quot;}\">\n\t\t\t<div class=\"elementor-widget-wrap elementor-element-populated\">\n\t\t\t\t\t\t\t<\/div>\n\t\t<\/div>\n\t\t\t\t<div class=\"elementor-column elementor-col-33 elementor-top-column elementor-element elementor-element-49b225e7\" data-id=\"49b225e7\" data-element_type=\"column\" data-e-type=\"column\">\n\t\t\t<div class=\"elementor-widget-wrap elementor-element-populated\">\n\t\t\t\t\t\t<div class=\"elementor-element elementor-element-11cde2ad elementor-widget elementor-widget-text-editor\" data-id=\"11cde2ad\" data-element_type=\"widget\" data-e-type=\"widget\" data-widget_type=\"text-editor.default\">\n\t\t\t\t<div class=\"elementor-widget-container\">\n\t\t\t\t\t\t\t\t\t<p>Blick von unserem Wasserh\u00e4uschen auf die Reben. Wasser ist Mangelware in Utiel Requena. Die Wurzeln unserer Reben ragen daher mehrere Meter tief in den Boden. \u00dcber die Jahrhunderte haben die Pflanzen gelernt mit den kargen Vorr\u00e4ten optimal zu haushalten.<\/p>\t\t\t\t\t\t\t\t<\/div>\n\t\t\t\t<\/div>\n\t\t\t\t\t<\/div>\n\t\t<\/div>\n\t\t\t\t\t<\/div>\n\t\t<\/section>\n\t\t\t\t<section class=\"elementor-section elementor-top-section elementor-element elementor-element-33e488e1 elementor-section-boxed elementor-section-height-default elementor-section-height-default\" data-id=\"33e488e1\" data-element_type=\"section\" data-e-type=\"section\" data-settings=\"{&quot;background_background&quot;:&quot;classic&quot;}\">\n\t\t\t\t\t\t\t<div class=\"elementor-background-overlay\"><\/div>\n\t\t\t\t\t\t\t<div class=\"elementor-container elementor-column-gap-default\">\n\t\t\t\t\t<div class=\"elementor-column elementor-col-33 elementor-top-column elementor-element elementor-element-50c5e039\" data-id=\"50c5e039\" data-element_type=\"column\" data-e-type=\"column\" data-settings=\"{&quot;background_background&quot;:&quot;classic&quot;}\">\n\t\t\t<div class=\"elementor-widget-wrap elementor-element-populated\">\n\t\t\t\t\t<div class=\"elementor-background-overlay\"><\/div>\n\t\t\t\t\t\t\t<\/div>\n\t\t<\/div>\n\t\t\t\t<div class=\"elementor-column elementor-col-33 elementor-top-column elementor-element elementor-element-23a03209\" data-id=\"23a03209\" data-element_type=\"column\" data-e-type=\"column\">\n\t\t\t<div class=\"elementor-widget-wrap elementor-element-populated\">\n\t\t\t\t\t\t<div class=\"elementor-element elementor-element-70e7f13 elementor-widget elementor-widget-text-editor\" data-id=\"70e7f13\" data-element_type=\"widget\" data-e-type=\"widget\" data-widget_type=\"text-editor.default\">\n\t\t\t\t<div class=\"elementor-widget-container\">\n\t\t\t\t\t\t\t\t\t<p>Damit unsere Tierra und Noble Palmera Weine ihr Potential optimal entfalten k\u00f6nnen, g\u00f6nnen wir ihnen viel Zeit zum Reifen. Dies geschieht in 225 Liter gro\u00dfen, franz\u00f6sischen Barriquef\u00e4ssern.\u00a0<\/p>\t\t\t\t\t\t\t\t<\/div>\n\t\t\t\t<\/div>\n\t\t\t\t\t<\/div>\n\t\t<\/div>\n\t\t\t\t<div class=\"elementor-column elementor-col-33 elementor-top-column elementor-element elementor-element-40de4d17\" data-id=\"40de4d17\" data-element_type=\"column\" data-e-type=\"column\" data-settings=\"{&quot;background_background&quot;:&quot;classic&quot;}\">\n\t\t\t<div class=\"elementor-widget-wrap elementor-element-populated\">\n\t\t\t\t\t\t\t<\/div>\n\t\t<\/div>\n\t\t\t\t\t<\/div>\n\t\t<\/section>\n\t\t\t\t<section class=\"elementor-section elementor-top-section elementor-element elementor-element-07a5806 elementor-section-boxed elementor-section-height-default elementor-section-height-default\" data-id=\"07a5806\" data-element_type=\"section\" data-e-type=\"section\" data-settings=\"{&quot;background_background&quot;:&quot;classic&quot;}\">\n\t\t\t\t\t\t\t<div class=\"elementor-background-overlay\"><\/div>\n\t\t\t\t\t\t\t<div class=\"elementor-container elementor-column-gap-no\">\n\t\t\t\t\t<div class=\"elementor-column elementor-col-100 elementor-top-column elementor-element elementor-element-cb41cf7\" data-id=\"cb41cf7\" data-element_type=\"column\" data-e-type=\"column\">\n\t\t\t<div class=\"elementor-widget-wrap elementor-element-populated\">\n\t\t\t\t\t\t<div class=\"elementor-element elementor-element-6e7e805 elementor-widget elementor-widget-heading\" data-id=\"6e7e805\" data-element_type=\"widget\" data-e-type=\"widget\" data-widget_type=\"heading.default\">\n\t\t\t\t<div class=\"elementor-widget-container\">\n\t\t\t\t\t<h2 class=\"elementor-heading-title elementor-size-default\"><br>Eindr\u00fccke aus Spanien<\/h2>\t\t\t\t<\/div>\n\t\t\t\t<\/div>\n\t\t\t\t<div class=\"elementor-element elementor-element-c30e9e6 elementor-widget elementor-widget-video\" data-id=\"c30e9e6\" data-element_type=\"widget\" data-e-type=\"widget\" data-settings=\"{&quot;youtube_url&quot;:&quot;https:\\\/\\\/www.youtube.com\\\/watch?v=qS0_8LwVF64&quot;,&quot;video_type&quot;:&quot;youtube&quot;,&quot;controls&quot;:&quot;yes&quot;}\" data-widget_type=\"video.default\">\n\t\t\t\t<div class=\"elementor-widget-container\">\n\t\t\t\t\t\t\t<div class=\"elementor-wrapper elementor-open-inline\">\n\t\t\t<div class=\"elementor-video\"> <div class=\"brlbs-cmpnt-container brlbs-cmpnt-content-blocker brlbs-cmpnt-with-individual-styles\" data-borlabs-cookie-content-blocker-id=\"youtube-content-blocker\" data-borlabs-cookie-content=\"PHNjcmlwdD4KKGZ1bmN0aW9uKCkgewogICAgbGV0IGQgPSBudWxsOwoKICAgIC8vIGlmIHdlIGFyZSBpbiBhIGxvb3AsIHdlIG5lZWQgdG8gc2VsZWN0IHRoZSBjb3JyZWN0IHZpZGVvIGVsZW1lbnQsIHNpbmNlIFdpZGdldCBJRCBvY2N1cnMgbXVsdGlwbGUgdGltZXMgb24gcGFnZQogICAgY29uc3QgZWxlbXNJbkxvb3AgPSBkb2N1bWVudC5xdWVyeVNlbGVjdG9yQWxsKCc6aXMoZGl2W2RhdGEtZWxlbWVudG9yLXR5cGU9Imxvb3AtaXRlbSJdLGRpdltkYXRhLWVsZW1lbnRvci10eXBlPSJqZXQtbGlzdGluZy1pdGVtcyJdLGRpdltkYXRhLXdpZGdldF90eXBlXj0icHJlbWl1bS1hZGRvbi10YWJzLiJdKSBkaXYuZWxlbWVudG9yLWVsZW1lbnQtYzMwZTllNicpOwogICAgaWYgKGVsZW1zSW5Mb29wLmxlbmd0aCA9PT0gMSkgewogICAgICAgIGQgPSBlbGVtc0luTG9vcFswXTsKICAgIH0gZWxzZSBpZiAoZWxlbXNJbkxvb3AubGVuZ3RoID4gMSkgewogICAgICAgIGlmICh0eXBlb2YgZG9jdW1lbnQuY3VycmVudFNjcmlwdCA9PT0gJ3VuZGVmaW5lZCcgfHwgZG9jdW1lbnQuY3VycmVudFNjcmlwdCA9PSBudWxsKSB7CiAgICAgICAgICAgIHJldHVybjsKICAgICAgICB9CiAgICAgICAgY29uc3QgdG1wVmlkZW9XaWRnZXQgPSBkb2N1bWVudC5jdXJyZW50U2NyaXB0LmNsb3Nlc3QoJ1tkYXRhLXdpZGdldF90eXBlPSJicmxic192aWRlby5kZWZhdWx0Il0nKTsKICAgICAgICBpZiAodG1wVmlkZW9XaWRnZXQpIHsKICAgICAgICAgICAgZCA9IHRtcFZpZGVvV2lkZ2V0OwogICAgICAgIH0KICAgIH0KCiAgICBpZiAoZCA9PSBudWxsKSB7CiAgICAgICAgZCA9IGRvY3VtZW50LnF1ZXJ5U2VsZWN0b3IoJ2Rpdi5lbGVtZW50b3ItZWxlbWVudC1jMzBlOWU2Jyk7CiAgICB9CgogICAgaWYgKGQgPT0gbnVsbCkgewogICAgICAgIHJldHVybjsKICAgIH0KICAgIGQuZGF0YXNldC53aWRnZXRfdHlwZSA9IGQuZGF0YXNldC53aWRnZXRfdHlwZS5yZXBsYWNlKCdicmxic18nLCAnJyk7CiAgICBkLmRhdGFzZXQuYnJsYnNVbmJsb2NrZWQgPSAndHJ1ZSc7CgogICAgY29uc3QgaW50ZXJ2YWwgPSBzZXRJbnRlcnZhbCgoKSA9PiB7CiAgICAgICAgaWYgKHR5cGVvZiBlbGVtZW50b3JGcm9udGVuZCAhPT0gJ3VuZGVmaW5lZCcgJiYgdHlwZW9mIGVsZW1lbnRvckZyb250ZW5kLmhvb2tzICE9PSAndW5kZWZpbmVkJykgewogICAgICAgICAgICBjbGVhckludGVydmFsKGludGVydmFsKTsKICAgICAgICAgICAgZWxlbWVudG9yRnJvbnRlbmQuaG9va3MuZG9BY3Rpb24oJ2Zyb250ZW5kL2VsZW1lbnRfcmVhZHkvdmlkZW8uZGVmYXVsdCcsIGpRdWVyeShkKSwgalF1ZXJ5KQogICAgICAgIH0KICAgIH0sIDMwKQp9KSgpOwo8L3NjcmlwdD4=\"><div class=\"brlbs-cmpnt-cb-preset-c brlbs-cmpnt-cb-youtube\"> <div class=\"brlbs-cmpnt-cb-thumbnail\" style=\"background-image: url('https:\/\/weingut-sauer.de\/wp-content\/uploads\/borlabs-cookie\/1\/yt_qS0_8LwVF64_hqdefault.jpg')\"><\/div> <div class=\"brlbs-cmpnt-cb-main\"> <div class=\"brlbs-cmpnt-cb-play-button\"><\/div> <div class=\"brlbs-cmpnt-cb-content\"> <p class=\"brlbs-cmpnt-cb-description\">Sie sehen gerade einen Platzhalterinhalt von <strong>YouTube<\/strong>. Um auf den eigentlichen Inhalt zuzugreifen, klicken Sie auf die Schaltfl\u00e4che unten. Bitte beachten Sie, dass dabei Daten an Drittanbieter weitergegeben werden.<\/p> <a class=\"brlbs-cmpnt-cb-provider-toggle\" href=\"#\" data-borlabs-cookie-show-provider-information role=\"button\">Mehr Informationen<\/a> <\/div> <div class=\"brlbs-cmpnt-cb-buttons\"> <a class=\"brlbs-cmpnt-cb-btn\" href=\"#\" data-borlabs-cookie-unblock role=\"button\">Inhalt entsperren<\/a> <a class=\"brlbs-cmpnt-cb-btn\" href=\"#\" data-borlabs-cookie-accept-service role=\"button\" style=\"display: inherit\">Erforderlichen Service akzeptieren und Inhalte entsperren<\/a> <\/div> <\/div> <\/div><\/div><\/div>\t\t<\/div>\n\t\t\t\t\t\t<\/div>\n\t\t\t\t<\/div>\n\t\t\t\t<div class=\"elementor-element elementor-element-80540a1 elementor-widget elementor-widget-text-editor\" data-id=\"80540a1\" data-element_type=\"widget\" data-e-type=\"widget\" data-widget_type=\"text-editor.default\">\n\t\t\t\t<div class=\"elementor-widget-container\">\n\t\t\t\t\t\t\t\t\t<p>Musik:\u00a0Jos\u00e9 Barrios &#8211; Fear the Bull. Quelle\/Lizenz: w<a href=\"https:\/\/www.epidemicsound.com\/track\/4acmhHkuDg\/\" target=\"_blank\" rel=\"noopener\">ww.epidemicsound.com<\/a><\/p>\t\t\t\t\t\t\t\t<\/div>\n\t\t\t\t<\/div>\n\t\t\t\t\t<\/div>\n\t\t<\/div>\n\t\t\t\t\t<\/div>\n\t\t<\/section>\n\t\t\t\t<section class=\"elementor-section elementor-top-section elementor-element elementor-element-dc13ea5 elementor-section-boxed elementor-section-height-default elementor-section-height-default\" data-id=\"dc13ea5\" data-element_type=\"section\" data-e-type=\"section\" data-settings=\"{&quot;background_background&quot;:&quot;classic&quot;}\">\n\t\t\t\t\t\t<div class=\"elementor-container elementor-column-gap-default\">\n\t\t\t\t\t<div class=\"elementor-column elementor-col-100 elementor-top-column elementor-element elementor-element-8b7844b\" data-id=\"8b7844b\" data-element_type=\"column\" data-e-type=\"column\">\n\t\t\t<div class=\"elementor-widget-wrap elementor-element-populated\">\n\t\t\t\t\t\t<div class=\"elementor-element elementor-element-8ea6a76 elementor-widget elementor-widget-text-editor\" data-id=\"8ea6a76\" data-element_type=\"widget\" data-e-type=\"widget\" data-widget_type=\"text-editor.default\">\n\t\t\t\t<div class=\"elementor-widget-container\">\n\t\t\t\t\t\t\t\t\t<p>Die drei Klassen unserer spanischen Weine<\/p>\t\t\t\t\t\t\t\t<\/div>\n\t\t\t\t<\/div>\n\t\t\t\t<div class=\"elementor-element elementor-element-aa2a70c elementor-widget elementor-widget-heading\" data-id=\"aa2a70c\" data-element_type=\"widget\" data-e-type=\"widget\" data-widget_type=\"heading.default\">\n\t\t\t\t<div class=\"elementor-widget-container\">\n\t\t\t\t\t<h2 class=\"elementor-heading-title elementor-size-default\">Sortiment<\/h2>\t\t\t\t<\/div>\n\t\t\t\t<\/div>\n\t\t\t\t<div class=\"elementor-element elementor-element-24bdbf7 elementor-widget-divider--view-line elementor-widget elementor-widget-divider\" data-id=\"24bdbf7\" data-element_type=\"widget\" data-e-type=\"widget\" data-widget_type=\"divider.default\">\n\t\t\t\t<div class=\"elementor-widget-container\">\n\t\t\t\t\t\t\t<div class=\"elementor-divider\">\n\t\t\t<span class=\"elementor-divider-separator\">\n\t\t\t\t\t\t<\/span>\n\t\t<\/div>\n\t\t\t\t\t\t<\/div>\n\t\t\t\t<\/div>\n\t\t\t\t<section class=\"elementor-section elementor-inner-section elementor-element elementor-element-9934362 elementor-section-boxed elementor-section-height-default elementor-section-height-default\" data-id=\"9934362\" data-element_type=\"section\" data-e-type=\"section\">\n\t\t\t\t\t\t<div class=\"elementor-container elementor-column-gap-default\">\n\t\t\t\t\t<div class=\"elementor-column elementor-col-33 elementor-inner-column elementor-element elementor-element-1bc63c1\" data-id=\"1bc63c1\" data-element_type=\"column\" data-e-type=\"column\">\n\t\t\t<div class=\"elementor-widget-wrap elementor-element-populated\">\n\t\t\t\t\t\t<div class=\"elementor-element elementor-element-952324a elementor-widget elementor-widget-heading\" data-id=\"952324a\" data-element_type=\"widget\" data-e-type=\"widget\" data-widget_type=\"heading.default\">\n\t\t\t\t<div class=\"elementor-widget-container\">\n\t\t\t\t\t<h2 class=\"elementor-heading-title elementor-size-default\">Casa Palmera<\/h2>\t\t\t\t<\/div>\n\t\t\t\t<\/div>\n\t\t\t\t<div class=\"elementor-element elementor-element-c6be361 elementor-widget elementor-widget-image\" data-id=\"c6be361\" data-element_type=\"widget\" data-e-type=\"widget\" data-widget_type=\"image.default\">\n\t\t\t\t<div class=\"elementor-widget-container\">\n\t\t\t\t\t\t\t\t\t\t\t\t\t\t\t<img loading=\"lazy\" decoding=\"async\" width=\"50\" height=\"50\" src=\"https:\/\/weingut-sauer.de\/wp-content\/uploads\/2020\/01\/Krone-1.jpg\" class=\"attachment-full size-full wp-image-3435\" alt=\"\" \/>\t\t\t\t\t\t\t\t\t\t\t\t\t\t\t<\/div>\n\t\t\t\t<\/div>\n\t\t\t\t<div class=\"elementor-element elementor-element-05028e4 elementor-widget elementor-widget-text-editor\" data-id=\"05028e4\" data-element_type=\"widget\" data-e-type=\"widget\" data-widget_type=\"text-editor.default\">\n\t\t\t\t<div class=\"elementor-widget-container\">\n\t\t\t\t\t\t\t\t\t<p><span style=\"font-variant-ligatures: normal; font-variant-caps: normal; font-family: Roboto, sans-serif; font-size: 14px; font-style: normal; font-weight: 400; color: #494949;\">Kraftvolle, regional typische<br \/><\/span><span style=\"font-variant-ligatures: normal; font-variant-caps: normal; font-family: Roboto, sans-serif; font-size: 14px; font-style: normal; font-weight: 400; color: #494949;\">und junge Weine f\u00fcr den allt\u00e4glichen Genuss.<br \/><\/span><span style=\"font-variant-ligatures: normal; font-variant-caps: normal; font-family: Roboto, sans-serif; font-size: 14px; font-style: normal; font-weight: 400; color: #494949;\">Gewachsen in der wilden, abwechslungsreichen<br \/><\/span><span style=\"font-variant-ligatures: normal; font-variant-caps: normal; font-family: Roboto, sans-serif; font-size: 14px; font-style: normal; font-weight: 400; color: #494949;\">Landschaft Utiel-Requenas.<\/span><\/p>\t\t\t\t\t\t\t\t<\/div>\n\t\t\t\t<\/div>\n\t\t\t\t\t<\/div>\n\t\t<\/div>\n\t\t\t\t<div class=\"elementor-column elementor-col-33 elementor-inner-column elementor-element elementor-element-8286c62\" data-id=\"8286c62\" data-element_type=\"column\" data-e-type=\"column\" data-settings=\"{&quot;background_background&quot;:&quot;classic&quot;}\">\n\t\t\t<div class=\"elementor-widget-wrap elementor-element-populated\">\n\t\t\t\t\t\t<div class=\"elementor-element elementor-element-1942ca1 elementor-widget elementor-widget-heading\" data-id=\"1942ca1\" data-element_type=\"widget\" data-e-type=\"widget\" data-widget_type=\"heading.default\">\n\t\t\t\t<div class=\"elementor-widget-container\">\n\t\t\t\t\t<h2 class=\"elementor-heading-title elementor-size-default\">Tierra Palmera<\/h2>\t\t\t\t<\/div>\n\t\t\t\t<\/div>\n\t\t\t\t<div class=\"elementor-element elementor-element-3ef3355 elementor-widget elementor-widget-image\" data-id=\"3ef3355\" data-element_type=\"widget\" data-e-type=\"widget\" data-widget_type=\"image.default\">\n\t\t\t\t<div class=\"elementor-widget-container\">\n\t\t\t\t\t\t\t\t\t\t\t\t\t\t\t<img loading=\"lazy\" decoding=\"async\" width=\"100\" height=\"50\" src=\"https:\/\/weingut-sauer.de\/wp-content\/uploads\/2020\/01\/Krone-2.jpg\" class=\"attachment-full size-full wp-image-3436\" alt=\"\" \/>\t\t\t\t\t\t\t\t\t\t\t\t\t\t\t<\/div>\n\t\t\t\t<\/div>\n\t\t\t\t<div class=\"elementor-element elementor-element-81f0283 elementor-widget elementor-widget-text-editor\" data-id=\"81f0283\" data-element_type=\"widget\" data-e-type=\"widget\" data-widget_type=\"text-editor.default\">\n\t\t\t\t<div class=\"elementor-widget-container\">\n\t\t\t\t\t\t\t\t\t<p><span style=\"color: #494949; font-family: Roboto, sans-serif; font-size: 14px; font-style: normal; font-variant-ligatures: normal; font-variant-caps: normal; font-weight: 400; text-align: left;\">Vielf\u00e4ltige, charaktervolle<\/span><br style=\"color: #494949; text-align: left;\" \/><span style=\"color: #494949; font-family: Roboto, sans-serif; font-size: 14px; font-style: normal; font-variant-ligatures: normal; font-variant-caps: normal; font-weight: 400; text-align: left;\">Weine, die das Potential unseres Terroirs<\/span><br style=\"color: #494949; text-align: left;\" \/><span style=\"color: #494949; font-family: Roboto, sans-serif; font-size: 14px; font-style: normal; font-variant-ligatures: normal; font-variant-caps: normal; font-weight: 400; text-align: left;\">widerspiegeln. Durch selektive Handlese,<\/span><br style=\"color: #494949; text-align: left;\" \/><span style=\"color: #494949; font-family: Roboto, sans-serif; font-size: 14px; font-style: normal; font-variant-ligatures: normal; font-variant-caps: normal; font-weight: 400; text-align: left;\">niederes Ertragsniveau und Reife im kleinen<\/span><br style=\"color: #494949; text-align: left;\" \/><span style=\"color: #494949; font-family: Roboto, sans-serif; font-size: 14px; font-style: normal; font-variant-ligatures: normal; font-variant-caps: normal; font-weight: 400; text-align: left;\">Eichenfass bieten diese Weine einen anspruchsvollen<\/span><br style=\"color: #494949; text-align: left;\" \/><span style=\"color: #494949; font-family: Roboto, sans-serif; font-size: 14px; font-style: normal; font-variant-ligatures: normal; font-variant-caps: normal; font-weight: 400; text-align: left;\">Weingenuss.<\/span><\/p>\t\t\t\t\t\t\t\t<\/div>\n\t\t\t\t<\/div>\n\t\t\t\t\t<\/div>\n\t\t<\/div>\n\t\t\t\t<div class=\"elementor-column elementor-col-33 elementor-inner-column elementor-element elementor-element-ec395ab\" data-id=\"ec395ab\" data-element_type=\"column\" data-e-type=\"column\">\n\t\t\t<div class=\"elementor-widget-wrap elementor-element-populated\">\n\t\t\t\t\t\t<div class=\"elementor-element elementor-element-2d9783e elementor-widget elementor-widget-heading\" data-id=\"2d9783e\" data-element_type=\"widget\" data-e-type=\"widget\" data-widget_type=\"heading.default\">\n\t\t\t\t<div class=\"elementor-widget-container\">\n\t\t\t\t\t<h2 class=\"elementor-heading-title elementor-size-default\">Noble Palmera<\/h2>\t\t\t\t<\/div>\n\t\t\t\t<\/div>\n\t\t\t\t<div class=\"elementor-element elementor-element-a818369 elementor-widget elementor-widget-image\" data-id=\"a818369\" data-element_type=\"widget\" data-e-type=\"widget\" data-widget_type=\"image.default\">\n\t\t\t\t<div class=\"elementor-widget-container\">\n\t\t\t\t\t\t\t\t\t\t\t\t\t\t\t<img loading=\"lazy\" decoding=\"async\" width=\"150\" height=\"50\" src=\"https:\/\/weingut-sauer.de\/wp-content\/uploads\/2020\/01\/Krone-3.jpg\" class=\"attachment-full size-full wp-image-3437\" alt=\"\" \/>\t\t\t\t\t\t\t\t\t\t\t\t\t\t\t<\/div>\n\t\t\t\t<\/div>\n\t\t\t\t<div class=\"elementor-element elementor-element-274ff5c elementor-widget elementor-widget-text-editor\" data-id=\"274ff5c\" data-element_type=\"widget\" data-e-type=\"widget\" data-widget_type=\"text-editor.default\">\n\t\t\t\t<div class=\"elementor-widget-container\">\n\t\t\t\t\t\t\t\t\t<p><span style=\"color: #494949; font-family: Roboto, sans-serif; font-size: 14px; font-style: normal; font-variant-ligatures: normal; font-variant-caps: normal; font-weight: 400; text-align: left;\">Gro\u00dfe und individuelle Weine mit enorm langem Lagerpotential. Die Reben stehen in unseren \u00e4ltesten Weinbergen. Der Ertrag ist gering, doch die kleinen hochreifen und aromatischen Beeren sind von un\u00fcbertrefflicher G\u00fcte. Ausgebaut in franz\u00f6sischen Barriquef\u00e4ssern bieten diese Weine intensiven Genuss f\u00fcr besondere Momente.<\/span><\/p>\t\t\t\t\t\t\t\t<\/div>\n\t\t\t\t<\/div>\n\t\t\t\t\t<\/div>\n\t\t<\/div>\n\t\t\t\t\t<\/div>\n\t\t<\/section>\n\t\t\t\t\t<\/div>\n\t\t<\/div>\n\t\t\t\t\t<\/div>\n\t\t<\/section>\n\t\t\t\t<section class=\"elementor-section elementor-top-section elementor-element elementor-element-7132a21 elementor-section-stretched elementor-section-boxed elementor-section-height-default elementor-section-height-default\" data-id=\"7132a21\" data-element_type=\"section\" data-e-type=\"section\" data-settings=\"{&quot;stretch_section&quot;:&quot;section-stretched&quot;,&quot;background_background&quot;:&quot;classic&quot;}\">\n\t\t\t\t\t\t<div class=\"elementor-container elementor-column-gap-default\">\n\t\t\t\t\t<div class=\"elementor-column elementor-col-100 elementor-top-column elementor-element elementor-element-3d8e754\" data-id=\"3d8e754\" data-element_type=\"column\" data-e-type=\"column\">\n\t\t\t<div class=\"elementor-widget-wrap elementor-element-populated\">\n\t\t\t\t\t\t\t<\/div>\n\t\t<\/div>\n\t\t\t\t\t<\/div>\n\t\t<\/section>\n\t\t\t\t<section class=\"elementor-section elementor-top-section elementor-element elementor-element-c0f4fca elementor-section-boxed elementor-section-height-default elementor-section-height-default\" data-id=\"c0f4fca\" data-element_type=\"section\" data-e-type=\"section\" data-settings=\"{&quot;background_background&quot;:&quot;classic&quot;}\">\n\t\t\t\t\t\t\t<div class=\"elementor-background-overlay\"><\/div>\n\t\t\t\t\t\t\t<div class=\"elementor-container elementor-column-gap-default\">\n\t\t\t\t\t<div class=\"elementor-column elementor-col-100 elementor-top-column elementor-element elementor-element-3a5dfb6\" data-id=\"3a5dfb6\" data-element_type=\"column\" data-e-type=\"column\">\n\t\t\t<div class=\"elementor-widget-wrap elementor-element-populated\">\n\t\t\t\t\t\t<div class=\"elementor-element elementor-element-a68cc0d elementor-widget elementor-widget-text-editor\" data-id=\"a68cc0d\" data-element_type=\"widget\" data-e-type=\"widget\" data-widget_type=\"text-editor.default\">\n\t\t\t\t<div class=\"elementor-widget-container\">\n\t\t\t\t\t\t\t\t\t<p style=\"text-align: center;\"><span style=\"color: #ffffff;\"><b>Die Natur agiert \u2013 wir m\u00fcssen reagieren, um die beste Qualit\u00e4t zu erzeugen &#8211; das gilt im Norden wie im S\u00fcden, jedoch sind die Vorzeichen v\u00f6llig unterschiedlich.<\/b><\/span><\/p>\t\t\t\t\t\t\t\t<\/div>\n\t\t\t\t<\/div>\n\t\t\t\t\t<\/div>\n\t\t<\/div>\n\t\t\t\t\t<\/div>\n\t\t<\/section>\n\t\t\t\t<section class=\"elementor-section elementor-top-section elementor-element elementor-element-6992775 elementor-hidden-desktop elementor-hidden-tablet elementor-hidden-phone elementor-section-boxed elementor-section-height-default elementor-section-height-default\" data-id=\"6992775\" data-element_type=\"section\" data-e-type=\"section\" data-settings=\"{&quot;background_background&quot;:&quot;classic&quot;}\">\n\t\t\t\t\t\t<div class=\"elementor-container elementor-column-gap-default\">\n\t\t\t\t\t<div class=\"elementor-column elementor-col-50 elementor-top-column elementor-element elementor-element-bf8d5b4\" data-id=\"bf8d5b4\" data-element_type=\"column\" data-e-type=\"column\">\n\t\t\t<div class=\"elementor-widget-wrap elementor-element-populated\">\n\t\t\t\t\t\t<div class=\"elementor-element elementor-element-489f5f3 elementor-widget elementor-widget-heading\" data-id=\"489f5f3\" data-element_type=\"widget\" data-e-type=\"widget\" data-widget_type=\"heading.default\">\n\t\t\t\t<div class=\"elementor-widget-container\">\n\t\t\t\t\t<h2 class=\"elementor-heading-title elementor-size-default\">Vi\u00f1a Capricho<\/h2>\t\t\t\t<\/div>\n\t\t\t\t<\/div>\n\t\t\t\t<div class=\"elementor-element elementor-element-97bfccc elementor-widget elementor-widget-text-editor\" data-id=\"97bfccc\" data-element_type=\"widget\" data-e-type=\"widget\" data-widget_type=\"text-editor.default\">\n\t\t\t\t<div class=\"elementor-widget-container\">\n\t\t\t\t\t\t\t\t\t<p>Der neue Jahrgang des Vi\u00f1a Capricho (2016) erh\u00e4lt eine neue, zur\u00fcckhaltend-edle Ausstattung, die die Wertigkeit des Weins unterstreicht. Jede Flasche dieses limitierten Weins ist auf dem Front-Etikett einzeln nummeriert.<\/p>\n<p>Rebsorte: Cabernet-Sauvignon y Merlot<br>Geschmackrichtung: trocken<br>Analyse: 15,0 % vol. alk., 5,4 g\/l S\u00e4ure,<br>1,5 g\/l Restzucker<\/p><p>Res\u00fcm\u00e9e Weinbeschreibung: Ein m\u00e4chtiges und vielschichtiges<br>Bouquet mit s\u00fc\u00dflichen W\u00fcrznoten und viel Mundgef\u00fchl.<\/p>\t\t\t\t\t\t\t\t<\/div>\n\t\t\t\t<\/div>\n\t\t\t\t\t<\/div>\n\t\t<\/div>\n\t\t\t\t<div class=\"elementor-column elementor-col-50 elementor-top-column elementor-element elementor-element-b2a4e97\" data-id=\"b2a4e97\" data-element_type=\"column\" data-e-type=\"column\">\n\t\t\t<div class=\"elementor-widget-wrap elementor-element-populated\">\n\t\t\t\t\t\t<div class=\"elementor-element elementor-element-7c35c1b elementor-widget elementor-widget-image\" data-id=\"7c35c1b\" data-element_type=\"widget\" data-e-type=\"widget\" data-widget_type=\"image.default\">\n\t\t\t\t<div class=\"elementor-widget-container\">\n\t\t\t\t\t\t\t\t\t\t\t\t\t\t\t<img loading=\"lazy\" decoding=\"async\" width=\"81\" height=\"300\" src=\"https:\/\/weingut-sauer.de\/wp-content\/uploads\/2019\/09\/7895fc13088ee37f511913bac71fa66f-81x300.png\" class=\"attachment-medium size-medium wp-image-420\" alt=\"\" srcset=\"https:\/\/weingut-sauer.de\/wp-content\/uploads\/2019\/09\/7895fc13088ee37f511913bac71fa66f-81x300.png 81w, https:\/\/weingut-sauer.de\/wp-content\/uploads\/2019\/09\/7895fc13088ee37f511913bac71fa66f-80x297.png 80w, https:\/\/weingut-sauer.de\/wp-content\/uploads\/2019\/09\/7895fc13088ee37f511913bac71fa66f-100x371.png 100w, https:\/\/weingut-sauer.de\/wp-content\/uploads\/2019\/09\/7895fc13088ee37f511913bac71fa66f.png 150w\" sizes=\"(max-width: 81px) 100vw, 81px\" \/>\t\t\t\t\t\t\t\t\t\t\t\t\t\t\t<\/div>\n\t\t\t\t<\/div>\n\t\t\t\t\t<\/div>\n\t\t<\/div>\n\t\t\t\t\t<\/div>\n\t\t<\/section>\n\t\t\t\t<section class=\"elementor-section elementor-top-section elementor-element elementor-element-c3372ba elementor-section-content-middle elementor-section-boxed elementor-section-height-default elementor-section-height-default\" data-id=\"c3372ba\" data-element_type=\"section\" data-e-type=\"section\">\n\t\t\t\t\t\t<div class=\"elementor-container elementor-column-gap-no\">\n\t\t\t\t\t<div class=\"elementor-column elementor-col-100 elementor-top-column elementor-element elementor-element-285727f\" data-id=\"285727f\" data-element_type=\"column\" data-e-type=\"column\">\n\t\t\t<div class=\"elementor-widget-wrap elementor-element-populated\">\n\t\t\t\t\t\t<div class=\"elementor-element elementor-element-d2e9be7 elementor-widget elementor-widget-heading\" data-id=\"d2e9be7\" data-element_type=\"widget\" data-e-type=\"widget\" data-widget_type=\"heading.default\">\n\t\t\t\t<div class=\"elementor-widget-container\">\n\t\t\t\t\t<h2 class=\"elementor-heading-title elementor-size-default\">unsere Weine<\/h2>\t\t\t\t<\/div>\n\t\t\t\t<\/div>\n\t\t\t\t<div class=\"elementor-element elementor-element-2a07efa elementor-widget elementor-widget-text-editor\" data-id=\"2a07efa\" data-element_type=\"widget\" data-e-type=\"widget\" data-widget_type=\"text-editor.default\">\n\t\t\t\t<div class=\"elementor-widget-container\">\n\t\t\t\t\t\t\t\t\t<p>Auf unserer Weinseite finden Sie eine Vielzahl weiterer k\u00f6stlicher, spanischer und auch deutscher Weine.\u00a0<\/p>\t\t\t\t\t\t\t\t<\/div>\n\t\t\t\t<\/div>\n\t\t\t\t<div class=\"elementor-element elementor-element-47f3377 elementor-align-center elementor-widget elementor-widget-button\" data-id=\"47f3377\" data-element_type=\"widget\" data-e-type=\"widget\" data-widget_type=\"button.default\">\n\t\t\t\t<div class=\"elementor-widget-container\">\n\t\t\t\t\t\t\t\t\t<div class=\"elementor-button-wrapper\">\n\t\t\t\t\t<a class=\"elementor-button elementor-button-link elementor-size-lg elementor-animation-grow\" href=\"\/en\/weinshop\/\">\n\t\t\t\t\t\t<span class=\"elementor-button-content-wrapper\">\n\t\t\t\t\t\t\t\t\t<span class=\"elementor-button-text\">Wines<\/span>\n\t\t\t\t\t<\/span>\n\t\t\t\t\t<\/a>\n\t\t\t\t<\/div>\n\t\t\t\t\t\t\t\t<\/div>\n\t\t\t\t<\/div>\n\t\t\t\t\t<\/div>\n\t\t<\/div>\n\t\t\t\t\t<\/div>\n\t\t<\/section>\n\t\t\t\t<\/div>","protected":false},"excerpt":{"rendered":"<p>Spanischer Biowein Unser WEingut in Spanien Ein gro\u00dfer Schritt nach S\u00fcden! Die Vorliebe f\u00fcr spanische Bioweine gepaart mit einer Prise Abenteuerlust waren 1998 die Ausgangsbasis f\u00fcr die Gr\u00fcndung unseres spanischen Weinguts &#8222;Bodegas Palmera&#8220;. Einmaliges Terroir, karger Boden, alte Rebst\u00f6cke, das gute Klima der Region mit viel Sonne und k\u00fchlen N\u00e4chten, eine lange Vegetationsphase und konsequenter [&hellip;]<\/p>\n","protected":false},"author":1,"featured_media":0,"parent":0,"menu_order":0,"comment_status":"closed","ping_status":"closed","template":"","meta":{"content-type":"","ocean_post_layout":"full-screen","ocean_both_sidebars_style":"","ocean_both_sidebars_content_width":0,"ocean_both_sidebars_sidebars_width":0,"ocean_sidebar":"0","ocean_second_sidebar":"0","ocean_disable_margins":"enable","ocean_add_body_class":"","ocean_shortcode_before_top_bar":"","ocean_shortcode_after_top_bar":"","ocean_shortcode_before_header":"","ocean_shortcode_after_header":"","ocean_has_shortcode":"","ocean_shortcode_after_title":"","ocean_shortcode_before_footer_widgets":"","ocean_shortcode_after_footer_widgets":"","ocean_shortcode_before_footer_bottom":"","ocean_shortcode_after_footer_bottom":"","ocean_display_top_bar":"default","ocean_display_header":"default","ocean_header_style":"","ocean_center_header_left_menu":"0","ocean_custom_header_template":"0","ocean_custom_logo":0,"ocean_custom_retina_logo":0,"ocean_custom_logo_max_width":0,"ocean_custom_logo_tablet_max_width":0,"ocean_custom_logo_mobile_max_width":0,"ocean_custom_logo_max_height":0,"ocean_custom_logo_tablet_max_height":0,"ocean_custom_logo_mobile_max_height":0,"ocean_header_custom_menu":"0","ocean_menu_typo_font_family":"0","ocean_menu_typo_font_subset":"","ocean_menu_typo_font_size":0,"ocean_menu_typo_font_size_tablet":0,"ocean_menu_typo_font_size_mobile":0,"ocean_menu_typo_font_size_unit":"px","ocean_menu_typo_font_weight":"","ocean_menu_typo_font_weight_tablet":"","ocean_menu_typo_font_weight_mobile":"","ocean_menu_typo_transform":"","ocean_menu_typo_transform_tablet":"","ocean_menu_typo_transform_mobile":"","ocean_menu_typo_line_height":0,"ocean_menu_typo_line_height_tablet":0,"ocean_menu_typo_line_height_mobile":0,"ocean_menu_typo_line_height_unit":"","ocean_menu_typo_spacing":0,"ocean_menu_typo_spacing_tablet":0,"ocean_menu_typo_spacing_mobile":0,"ocean_menu_typo_spacing_unit":"","ocean_menu_link_color":"","ocean_menu_link_color_hover":"","ocean_menu_link_color_active":"","ocean_menu_link_background":"","ocean_menu_link_hover_background":"","ocean_menu_link_active_background":"","ocean_menu_social_links_bg":"","ocean_menu_social_hover_links_bg":"","ocean_menu_social_links_color":"","ocean_menu_social_hover_links_color":"","ocean_disable_title":"on","ocean_disable_heading":"default","ocean_post_title":"","ocean_post_subheading":"","ocean_post_title_style":"","ocean_post_title_background_color":"","ocean_post_title_background":0,"ocean_post_title_bg_image_position":"","ocean_post_title_bg_image_attachment":"","ocean_post_title_bg_image_repeat":"","ocean_post_title_bg_image_size":"","ocean_post_title_height":0,"ocean_post_title_bg_overlay":0.5,"ocean_post_title_bg_overlay_color":"","ocean_disable_breadcrumbs":"default","ocean_breadcrumbs_color":"","ocean_breadcrumbs_separator_color":"","ocean_breadcrumbs_links_color":"","ocean_breadcrumbs_links_hover_color":"","ocean_display_footer_widgets":"default","ocean_display_footer_bottom":"default","ocean_custom_footer_template":"0","footnotes":""},"class_list":["post-14","page","type-page","status-publish","hentry","entry","owp-thumbs-layout-horizontal","owp-btn-normal","owp-tabs-layout-horizontal","has-no-thumbnails","has-product-nav"],"aioseo_notices":[],"_links":{"self":[{"href":"https:\/\/weingut-sauer.de\/en\/wp-json\/wp\/v2\/pages\/14","targetHints":{"allow":["GET"]}}],"collection":[{"href":"https:\/\/weingut-sauer.de\/en\/wp-json\/wp\/v2\/pages"}],"about":[{"href":"https:\/\/weingut-sauer.de\/en\/wp-json\/wp\/v2\/types\/page"}],"author":[{"embeddable":true,"href":"https:\/\/weingut-sauer.de\/en\/wp-json\/wp\/v2\/users\/1"}],"replies":[{"embeddable":true,"href":"https:\/\/weingut-sauer.de\/en\/wp-json\/wp\/v2\/comments?post=14"}],"version-history":[{"count":5,"href":"https:\/\/weingut-sauer.de\/en\/wp-json\/wp\/v2\/pages\/14\/revisions"}],"predecessor-version":[{"id":16538,"href":"https:\/\/weingut-sauer.de\/en\/wp-json\/wp\/v2\/pages\/14\/revisions\/16538"}],"wp:attachment":[{"href":"https:\/\/weingut-sauer.de\/en\/wp-json\/wp\/v2\/media?parent=14"}],"curies":[{"name":"wp","href":"https:\/\/api.w.org\/{rel}","templated":true}]}}